{"id":875,"date":"2021-11-23T20:14:13","date_gmt":"2021-11-23T20:14:13","guid":{"rendered":"https:\/\/strange-johnson.185-185-24-24.plesk.page\/?page_id=875"},"modified":"2021-11-25T14:52:29","modified_gmt":"2021-11-25T14:52:29","slug":"orga-team","status":"publish","type":"page","link":"https:\/\/strange-johnson.185-185-24-24.plesk.page\/index.php\/orga-team\/","title":{"rendered":"ORGA-TEAM"},"content":{"rendered":"<p>[et_pb_section fb_built=&#8221;1&#8243; fullwidth=&#8221;on&#8221; admin_label=&#8221;Hero&#8221; _builder_version=&#8221;4.14.0&#8243; background_image=&#8221;https:\/\/strange-johnson.185-185-24-24.plesk.page\/wp-content\/uploads\/2021\/11\/image-8-4-8.jpg&#8221; parallax=&#8221;on&#8221; width=&#8221;80%&#8221; module_alignment=&#8221;center&#8221; custom_padding=&#8221;0px|0|0px|0px|false|false&#8221; global_colors_info=&#8221;{}&#8221;][et_pb_fullwidth_header title=&#8221;Orga-Team&#8221; text_orientation=&#8221;center&#8221; admin_label=&#8221;Fullwidth Header&#8221; _builder_version=&#8221;4.14.0&#8243; title_text_align=&#8221;center&#8221; title_font_size=&#8221;80px&#8221; title_line_height=&#8221;1.2em&#8221; content_font=&#8221;Open Sans||||||||&#8221; content_text_align=&#8221;center&#8221; content_font_size=&#8221;18px&#8221; content_line_height=&#8221;1.8em&#8221; subhead_font_size=&#8221;24px&#8221; subhead_line_height=&#8221;1.6em&#8221; background_color=&#8221;rgba(0,0,0,0)&#8221; use_background_color_gradient=&#8221;on&#8221; background_color_gradient_start=&#8221;rgba(151,181,13,0.82)&#8221; background_color_gradient_end=&#8221;rgba(41,17,96,0.8)&#8221; background_color_gradient_direction=&#8221;140deg&#8221; background_color_gradient_overlays_image=&#8221;on&#8221; parallax=&#8221;on&#8221; parallax_method=&#8221;on&#8221; custom_button_one=&#8221;on&#8221; button_one_text_size=&#8221;15px&#8221; button_one_bg_color=&#8221;rgba(151,181,13,0.9)&#8221; button_one_border_width=&#8221;15px&#8221; button_one_border_color=&#8221;RGBA(0,0,0,0)&#8221; button_one_border_radius=&#8221;100px&#8221; button_one_letter_spacing=&#8221;5px&#8221; button_one_font=&#8221;Open Sans|700||on|||||&#8221; custom_margin=&#8221;|||&#8221; custom_padding=&#8221;10vw||10vw||true&#8221; custom_padding_tablet=&#8221;100px||100px||true&#8221; custom_padding_phone=&#8221;|||&#8221; custom_padding_last_edited=&#8221;on|desktop&#8221; title_font_size_tablet=&#8221;60px&#8221; title_font_size_phone=&#8221;36px&#8221; title_font_size_last_edited=&#8221;on|phone&#8221; content_font_size_tablet=&#8221;&#8221; content_font_size_phone=&#8221;14px&#8221; content_font_size_last_edited=&#8221;on|phone&#8221; subhead_font_size_tablet=&#8221;24px&#8221; subhead_font_size_phone=&#8221;16px&#8221; subhead_font_size_last_edited=&#8221;on|phone&#8221; button_one_text_size_tablet=&#8221;&#8221; button_one_text_size_phone=&#8221;&#8221; button_one_text_size_last_edited=&#8221;on|desktop&#8221; button_one_border_color_hover=&#8221;#ff8a3d&#8221; button_one_border_radius_hover=&#8221;100px&#8221; button_one_letter_spacing_hover=&#8221;5px&#8221; button_one_bg_color_hover=&#8221;#ff8a3d&#8221; global_colors_info=&#8221;{}&#8221; button_one_text_size__hover_enabled=&#8221;off&#8221; button_two_text_size__hover_enabled=&#8221;off&#8221; button_one_text_color__hover_enabled=&#8221;off&#8221; button_two_text_color__hover_enabled=&#8221;off&#8221; button_one_border_width__hover_enabled=&#8221;off&#8221; button_two_border_width__hover_enabled=&#8221;off&#8221; button_one_border_color__hover_enabled=&#8221;off|desktop&#8221; button_one_border_color__hover=&#8221;#ff8a3d&#8221; button_two_border_color__hover_enabled=&#8221;off&#8221; button_one_border_radius__hover_enabled=&#8221;on&#8221; button_one_border_radius__hover=&#8221;100px&#8221; button_two_border_radius__hover_enabled=&#8221;off&#8221; button_one_letter_spacing__hover_enabled=&#8221;on&#8221; button_one_letter_spacing__hover=&#8221;5px&#8221; button_two_letter_spacing__hover_enabled=&#8221;off&#8221; button_one_bg_color__hover_enabled=&#8221;on|hover&#8221; button_one_bg_color__hover=&#8221;#97B50D&#8221; button_two_bg_color__hover_enabled=&#8221;off&#8221; button_one_bg_enable_color__hover=&#8221;on&#8221;][\/et_pb_fullwidth_header][\/et_pb_section][et_pb_section fb_built=&#8221;1&#8243; _builder_version=&#8221;4.14.0&#8243; _module_preset=&#8221;default&#8221; width=&#8221;80%&#8221; module_alignment=&#8221;center&#8221; global_colors_info=&#8221;{}&#8221;][et_pb_row column_structure=&#8221;2_5,3_5&#8243; _builder_version=&#8221;4.14.0&#8243; _module_preset=&#8221;default&#8221; width=&#8221;90%&#8221; global_colors_info=&#8221;{}&#8221;][et_pb_column type=&#8221;2_5&#8243; _builder_version=&#8221;4.14.0&#8243; _module_preset=&#8221;default&#8221; global_colors_info=&#8221;{}&#8221;][et_pb_image src=&#8221;https:\/\/strange-johnson.185-185-24-24.plesk.page\/wp-content\/uploads\/2021\/11\/wir-suchen-den-sch\u00a6nsten-weihnachtsbaum-in-fssen-jetzt-abstimmen.jpg&#8221; title_text=&#8221;wir-suchen-den-sch+\u00a6nsten-weihnachtsbaum-in-f++ssen-jetzt-abstimmen&#8221; force_fullwidth=&#8221;on&#8221; _builder_version=&#8221;4.14.0&#8243; _module_preset=&#8221;default&#8221; height=&#8221;280px&#8221; height_tablet=&#8221;280px&#8221; height_phone=&#8221;auto&#8221; height_last_edited=&#8221;on|phone&#8221; border_radii=&#8221;on|10px|10px|10px|10px&#8221; box_shadow_style=&#8221;preset2&#8243; box_shadow_horizontal=&#8221;10px&#8221; box_shadow_vertical=&#8221;10px&#8221; box_shadow_blur=&#8221;2px&#8221; box_shadow_color=&#8221;#97B50D&#8221; global_colors_info=&#8221;{}&#8221;][\/et_pb_image][\/et_pb_column][et_pb_column type=&#8221;3_5&#8243; _builder_version=&#8221;4.14.0&#8243; _module_preset=&#8221;default&#8221; global_colors_info=&#8221;{}&#8221;][et_pb_text _builder_version=&#8221;4.14.0&#8243; text_font=&#8221;|700|||||||&#8221; text_text_color=&#8221;#97B50D&#8221; text_font_size=&#8221;24px&#8221; header_font=&#8221;||||||||&#8221; header_2_text_align=&#8221;left&#8221; header_2_font_size=&#8221;48px&#8221; header_2_line_height=&#8221;1.4em&#8221; custom_margin=&#8221;||19px||false|&#8221; custom_margin_tablet=&#8221;||0px|&#8221; custom_margin_phone=&#8221;&#8221; custom_margin_last_edited=&#8221;on|tablet&#8221; text_font_size_tablet=&#8221;80px&#8221; text_font_size_phone=&#8221;60px&#8221; text_font_size_last_edited=&#8221;off|desktop&#8221; header_2_text_align_tablet=&#8221;left&#8221; header_2_text_align_phone=&#8221;center&#8221; header_2_text_align_last_edited=&#8221;on|phone&#8221; header_2_font_size_tablet=&#8221;&#8221; header_2_font_size_phone=&#8221;36px&#8221; header_2_font_size_last_edited=&#8221;on|phone&#8221; text_orientation_tablet=&#8221;&#8221; text_orientation_phone=&#8221;center&#8221; text_orientation_last_edited=&#8221;on|phone&#8221; locked=&#8221;off&#8221; global_colors_info=&#8221;{}&#8221;]<\/p>\n<p>Die Orga<\/p>\n<h2>Das Event &amp; Action Team<\/h2>\n<p>[\/et_pb_text][et_pb_text _builder_version=&#8221;4.14.0&#8243; _module_preset=&#8221;default&#8221; text_font_size=&#8221;16px&#8221; custom_margin=&#8221;-10px|||||&#8221; text_orientation_tablet=&#8221;&#8221; text_orientation_phone=&#8221;center&#8221; text_orientation_last_edited=&#8221;on|phone&#8221; global_colors_info=&#8221;{}&#8221;]<\/p>\n<p><span>Wir sind die Coole Truppe der Werbegemeinschaft und wir organisieren die Veranstaltungen und Aktionen, sind also die Jungs und M\u00e4dels hinter den Kulissen (in jeder Altersgruppe :-D) und haben auch ansonsten jede Menge Spa\u00df miteinander.<\/span><\/p>\n<p>[\/et_pb_text][et_pb_button button_text=&#8221;         Wer sich uns anschlie\u00dfen m\u00f6chte, klickt einfach hier    &#8221; button_alignment_tablet=&#8221;&#8221; button_alignment_phone=&#8221;center&#8221; button_alignment_last_edited=&#8221;on|phone&#8221; _builder_version=&#8221;4.14.1&#8243; _module_preset=&#8221;default&#8221; custom_padding=&#8221;12px|32px|12px|32px|true|true&#8221; hover_enabled=&#8221;0&#8243; global_colors_info=&#8221;{}&#8221; button_url=&#8221;@ET-DC@eyJkeW5hbWljIjp0cnVlLCJjb250ZW50IjoicG9zdF9saW5rX3VybF9wYWdlIiwic2V0dGluZ3MiOnsicG9zdF9pZCI6IjEwOCJ9fQ==@&#8221; _dynamic_attributes=&#8221;button_url&#8221; sticky_enabled=&#8221;0&#8243;][\/et_pb_button][\/et_pb_column][\/et_pb_row][\/et_pb_section][et_pb_section fb_built=&#8221;1&#8243; admin_label=&#8221;Our Approach&#8221; _builder_version=&#8221;4.14.0&#8243; width=&#8221;80%&#8221; module_alignment=&#8221;center&#8221; global_colors_info=&#8221;{}&#8221;][et_pb_row column_structure=&#8221;1_4,1_4,1_4,1_4&#8243; use_custom_gutter=&#8221;on&#8221; gutter_width=&#8221;2&#8243; make_equal=&#8221;on&#8221; _builder_version=&#8221;4.14.0&#8243; width=&#8221;90%&#8221; width_tablet=&#8221;90%&#8221; width_phone=&#8221;80%&#8221; width_last_edited=&#8221;on|phone&#8221; max_width=&#8221;90%&#8221; max_width_tablet=&#8221;90%&#8221; max_width_phone=&#8221;80%&#8221; max_width_last_edited=&#8221;on|phone&#8221; global_colors_info=&#8221;{}&#8221;][et_pb_column type=&#8221;1_4&#8243; _builder_version=&#8221;4.14.0&#8243; custom_padding=&#8221;40px|10px|40px|10px|false|true&#8221; border_radii=&#8221;on|8px|8px|8px|8px&#8221; border_width_all=&#8221;1px&#8221; border_color_all=&#8221;#97B50D&#8221; box_shadow_style=&#8221;preset4&#8243; box_shadow_vertical=&#8221;-10px&#8221; box_shadow_color=&#8221;#97B50D&#8221; global_colors_info=&#8221;{}&#8221; custom_padding__hover=&#8221;|||&#8221;][et_pb_image src=&#8221;https:\/\/strange-johnson.185-185-24-24.plesk.page\/wp-content\/uploads\/2021\/11\/alexander-nikolaus-mayerhofer.jpg&#8221; title_text=&#8221;alexander-nikolaus-mayerhofer&#8221; align=&#8221;center&#8221; _builder_version=&#8221;4.14.0&#8243; _module_preset=&#8221;default&#8221; max_width=&#8221;150px&#8221; height=&#8221;100px&#8221; border_radii=&#8221;on|50%|50%|50%|50%&#8221; global_colors_info=&#8221;{}&#8221;][\/et_pb_image][et_pb_team_member name=&#8221;Alexander Mayerhofer&#8221; position=&#8221;Der Koordinator&#8221; _builder_version=&#8221;4.14.0&#8243; _module_preset=&#8221;default&#8221; position_font=&#8221;||||||||&#8221; position_text_color=&#8221;#97B50D&#8221; position_font_size=&#8221;18px&#8221; position_line_height=&#8221;1.8em&#8221; body_link_text_color=&#8221;#444444&#8243; text_orientation=&#8221;center&#8221; custom_padding=&#8221;0px|0px||0px|false|true&#8221; global_colors_info=&#8221;{}&#8221;]E-Mail:<span>\u00a0<\/span><a href=\"mailto:info@gemeinsam-wir.de\" title=\"info@gemeinsam-wir.de\">info@gemeinsam-wir.de<\/a><\/p>\n<p>Tel. +49-8362-9899745<\/p>\n<p>Versucht, den \u00dcberblick zu behalten und den wilden Haufen zu b\u00e4ndigen. Gelingt sogar meistens. Freut sich immer wieder, dass sich so ein geniales Team gefunden hat, sich immer wieder neu erfindet und es nie langweilig wird.[\/et_pb_team_member][\/et_pb_column][et_pb_column type=&#8221;1_4&#8243; _builder_version=&#8221;3.25&#8243; custom_padding=&#8221;40px|10px|40px|10px|false|true&#8221; border_radii=&#8221;on|8px|8px|8px|8px&#8221; border_width_all=&#8221;1px&#8221; border_color_all=&#8221;#97B50D&#8221; box_shadow_style=&#8221;preset4&#8243; box_shadow_vertical=&#8221;-10px&#8221; box_shadow_color=&#8221;#97B50D&#8221; global_colors_info=&#8221;{}&#8221; custom_padding__hover=&#8221;|||&#8221;][et_pb_image src=&#8221;https:\/\/strange-johnson.185-185-24-24.plesk.page\/wp-content\/uploads\/2021\/11\/simon-doser.jpg&#8221; title_text=&#8221;simon-doser&#8221; align=&#8221;center&#8221; _builder_version=&#8221;4.13.1&#8243; _module_preset=&#8221;default&#8221; max_width=&#8221;150px&#8221; height=&#8221;100px&#8221; border_radii=&#8221;on|50%|50%|50%|50%&#8221; global_colors_info=&#8221;{}&#8221;][\/et_pb_image][et_pb_team_member name=&#8221;Simon Doser&#8221; position=&#8221;Stellvertretender Vorstand&#8221; _builder_version=&#8221;4.14.0&#8243; _module_preset=&#8221;default&#8221; position_font=&#8221;||||||||&#8221; position_text_color=&#8221;#97B50D&#8221; position_font_size=&#8221;18px&#8221; position_line_height=&#8221;1.8em&#8221; body_link_text_color=&#8221;#444444&#8243; text_orientation=&#8221;center&#8221; custom_padding=&#8221;0px|0px||0px|false|true&#8221; global_colors_info=&#8221;{}&#8221;]E-Mail:<span>\u00a0<\/span><a href=\"mailto:ds@gemeinsam-wir.de\" title=\"ds@gemeinsam-wir.de\">ds@gemeinsam-wir.de<\/a><\/p>\n<p>Tel. +49-8362-9232511<br \/>\nEr kann fast alles und das auch noch gut.[\/et_pb_team_member][\/et_pb_column][et_pb_column type=&#8221;1_4&#8243; _builder_version=&#8221;3.25&#8243; custom_padding=&#8221;40px|10px|40px|10px|false|true&#8221; border_radii=&#8221;on|8px|8px|8px|8px&#8221; border_width_all=&#8221;1px&#8221; border_color_all=&#8221;#97B50D&#8221; box_shadow_style=&#8221;preset4&#8243; box_shadow_vertical=&#8221;-10px&#8221; box_shadow_color=&#8221;#97B50D&#8221; global_colors_info=&#8221;{}&#8221; custom_padding__hover=&#8221;|||&#8221;][et_pb_image src=&#8221;https:\/\/strange-johnson.185-185-24-24.plesk.page\/wp-content\/uploads\/2021\/11\/gemeinsam-wir-die-werbegemeinschaft-fussen-allgau.png&#8221; title_text=&#8221;gemeinsam-wir-die-werbegemeinschaft-f\u00fcssen-allg\u00e4u&#8221; align=&#8221;center&#8221; _builder_version=&#8221;4.14.0&#8243; _module_preset=&#8221;default&#8221; max_width=&#8221;150px&#8221; height=&#8221;100px&#8221; border_radii=&#8221;on|50%|50%|50%|50%&#8221; global_colors_info=&#8221;{}&#8221;][\/et_pb_image][et_pb_team_member name=&#8221;Jessika&#8221; position=&#8221;Die Macherin&#8221; _builder_version=&#8221;4.14.0&#8243; _module_preset=&#8221;default&#8221; position_font=&#8221;||||||||&#8221; position_text_color=&#8221;#97B50D&#8221; position_font_size=&#8221;18px&#8221; position_line_height=&#8221;1.8em&#8221; body_link_text_color=&#8221;#444444&#8243; text_orientation=&#8221;center&#8221; custom_padding=&#8221;0px|0px||0px|false|true&#8221; global_colors_info=&#8221;{}&#8221;]E-Mail:<span>\u00a0<\/span><a href=\"mailto:info@gemeinsam-wir.de\" title=\"info@gemeinsam-wir.de\">info@gemeinsam-wir.de<\/a><\/p>\n<p>Tel. +49-8362-9899745<\/p>\n<p>Nicht reden, machen![\/et_pb_team_member][\/et_pb_column][et_pb_column type=&#8221;1_4&#8243; _builder_version=&#8221;3.25&#8243; custom_padding=&#8221;40px|10px|40px|10px|false|true&#8221; border_radii=&#8221;on|8px|8px|8px|8px&#8221; border_width_all=&#8221;1px&#8221; border_color_all=&#8221;#97B50D&#8221; box_shadow_style=&#8221;preset4&#8243; box_shadow_vertical=&#8221;-10px&#8221; box_shadow_color=&#8221;#97B50D&#8221; global_colors_info=&#8221;{}&#8221; custom_padding__hover=&#8221;|||&#8221;][et_pb_image src=&#8221;https:\/\/strange-johnson.185-185-24-24.plesk.page\/wp-content\/uploads\/2021\/11\/gemeinsam-wir-die-werbegemeinschaft-fussen-allgau.jpg&#8221; title_text=&#8221;gemeinsam-wir-die-werbegemeinschaft-f\u00fcssen-allg\u00e4u&#8221; align=&#8221;center&#8221; _builder_version=&#8221;4.14.0&#8243; _module_preset=&#8221;default&#8221; max_width=&#8221;150px&#8221; height=&#8221;100px&#8221; border_radii=&#8221;on|50%|50%|50%|50%&#8221; global_colors_info=&#8221;{}&#8221;][\/et_pb_image][et_pb_team_member name=&#8221;Ralph &#8221; position=&#8221;Der Werbetreibende&#8221; _builder_version=&#8221;4.14.0&#8243; _module_preset=&#8221;default&#8221; position_font=&#8221;||||||||&#8221; position_text_color=&#8221;#97B50D&#8221; position_font_size=&#8221;18px&#8221; position_line_height=&#8221;1.8em&#8221; body_link_text_color=&#8221;#444444&#8243; text_orientation=&#8221;center&#8221; custom_padding=&#8221;0px|0px||0px|false|true&#8221; global_colors_info=&#8221;{}&#8221;]E-Mail:<span>\u00a0<\/span><a href=\"mailto:info@hrt-marketing.com\" title=\"info@hrt-marketing.com\">info@hrt-marketing.com<\/a><\/p>\n<p>Tel. +49-170-2070308<\/p>\n<p>K\u00fcmmert sich um die digitale Pr\u00e4sents der Werbegemeinschaft und\u00a0f\u00fchrt die Werbeagentur HRT-Marketing.<\/em>[\/et_pb_team_member][\/et_pb_column][\/et_pb_row][et_pb_row column_structure=&#8221;1_4,1_4,1_4,1_4&#8243; use_custom_gutter=&#8221;on&#8221; gutter_width=&#8221;2&#8243; make_equal=&#8221;on&#8221; _builder_version=&#8221;4.14.0&#8243; width=&#8221;90%&#8221; width_tablet=&#8221;90%&#8221; width_phone=&#8221;80%&#8221; width_last_edited=&#8221;on|phone&#8221; max_width=&#8221;90%&#8221; max_width_tablet=&#8221;90%&#8221; max_width_phone=&#8221;80%&#8221; max_width_last_edited=&#8221;on|phone&#8221; global_colors_info=&#8221;{}&#8221;][et_pb_column type=&#8221;1_4&#8243; _builder_version=&#8221;3.25&#8243; custom_padding=&#8221;40px|10px|40px|10px|false|true&#8221; border_radii=&#8221;on|8px|8px|8px|8px&#8221; border_width_all=&#8221;1px&#8221; border_color_all=&#8221;#97B50D&#8221; box_shadow_style=&#8221;preset4&#8243; box_shadow_vertical=&#8221;-10px&#8221; box_shadow_color=&#8221;#97B50D&#8221; global_colors_info=&#8221;{}&#8221; custom_padding__hover=&#8221;|||&#8221;][et_pb_image src=&#8221;https:\/\/strange-johnson.185-185-24-24.plesk.page\/wp-content\/uploads\/2021\/11\/gemeinsam-wir-die-werbegemeinschaft-fussen-allgau.png&#8221; title_text=&#8221;gemeinsam-wir-die-werbegemeinschaft-f\u00fcssen-allg\u00e4u&#8221; align=&#8221;center&#8221; _builder_version=&#8221;4.14.0&#8243; _module_preset=&#8221;default&#8221; max_width=&#8221;150px&#8221; height=&#8221;100px&#8221; border_radii=&#8221;on|50%|50%|50%|50%&#8221; global_colors_info=&#8221;{}&#8221;][\/et_pb_image][et_pb_team_member name=&#8221;Heike Eberle&#8221; position=&#8221;Die Flei\u00dfige&#8221; _builder_version=&#8221;4.14.0&#8243; _module_preset=&#8221;default&#8221; position_font=&#8221;||||||||&#8221; position_text_color=&#8221;#97B50D&#8221; position_font_size=&#8221;18px&#8221; position_line_height=&#8221;1.8em&#8221; body_link_text_color=&#8221;#444444&#8243; text_orientation=&#8221;center&#8221; custom_padding=&#8221;0px|0px||0px|false|true&#8221; global_colors_info=&#8221;{}&#8221;]E-Mail:<span>\u00a0<\/span><a href=\"mailto:info@gemeinsam-wir.de\" title=\"info@gemeinsam-wir.de\">info@gemeinsam-wir.de<\/a><\/p>\n<p>Tel. +49-8362-9899745<\/p>\n<p>Ist immer da wenn man sie braucht und sorgt f\u00fcr die flei\u00dfigen Helfer.[\/et_pb_team_member][\/et_pb_column][et_pb_column type=&#8221;1_4&#8243; _builder_version=&#8221;4.14.0&#8243; custom_padding=&#8221;40px|10px|40px|10px|false|true&#8221; border_radii=&#8221;on|8px|8px|8px|8px&#8221; border_width_all=&#8221;1px&#8221; border_color_all=&#8221;#97B50D&#8221; box_shadow_style=&#8221;preset4&#8243; box_shadow_vertical=&#8221;-10px&#8221; box_shadow_color=&#8221;#97B50D&#8221; global_colors_info=&#8221;{}&#8221; custom_padding__hover=&#8221;|||&#8221;][et_pb_image src=&#8221;https:\/\/strange-johnson.185-185-24-24.plesk.page\/wp-content\/uploads\/2021\/11\/gemeinsam-wir-die-werbegemeinschaft-fussen-allgau-1.jpg&#8221; title_text=&#8221;gemeinsam-wir-die-werbegemeinschaft-f\u00fcssen-allg\u00e4u (1)&#8221; align=&#8221;center&#8221; _builder_version=&#8221;4.14.0&#8243; _module_preset=&#8221;default&#8221; max_width=&#8221;150px&#8221; height=&#8221;100px&#8221; border_radii=&#8221;on|50%|50%|50%|50%&#8221; global_colors_info=&#8221;{}&#8221;][\/et_pb_image][et_pb_team_member name=&#8221;Walter Trever&#8221; position=&#8221;Der Engagierte&#8221; _builder_version=&#8221;4.14.0&#8243; _module_preset=&#8221;default&#8221; position_font=&#8221;||||||||&#8221; position_text_color=&#8221;#97B50D&#8221; position_font_size=&#8221;18px&#8221; position_line_height=&#8221;1.8em&#8221; body_link_text_color=&#8221;#444444&#8243; text_orientation=&#8221;center&#8221; custom_padding=&#8221;0px|0px||0px|false|true&#8221; global_colors_info=&#8221;{}&#8221;]E-Mail:<span>\u00a0<\/span><a href=\"mailto:WalterTerver@gmail.de\" title=\"WalterTerver@gmail.de\">WalterTerver@gmail.de<\/a><\/p>\n<p>Tel. +49-152-29857640<\/p>\n<p>Engagiert sich sehr f\u00fcr \u00e4ltere Menschen die nicht auf der Sonnenseite stehen.[\/et_pb_team_member][\/et_pb_column][et_pb_column type=&#8221;1_4&#8243; _builder_version=&#8221;3.25&#8243; custom_padding=&#8221;40px|10px|40px|10px|false|true&#8221; border_radii=&#8221;on|8px|8px|8px|8px&#8221; border_width_all=&#8221;1px&#8221; border_color_all=&#8221;#97B50D&#8221; box_shadow_style=&#8221;preset4&#8243; box_shadow_vertical=&#8221;-10px&#8221; box_shadow_color=&#8221;#97B50D&#8221; global_colors_info=&#8221;{}&#8221; custom_padding__hover=&#8221;|||&#8221;][et_pb_image src=&#8221;https:\/\/strange-johnson.185-185-24-24.plesk.page\/wp-content\/uploads\/2021\/11\/gemeinsam-wir-die-werbegemeinschaft-fussen-allgau-2.jpg&#8221; title_text=&#8221;gemeinsam-wir-die-werbegemeinschaft-f\u00fcssen-allg\u00e4u (2)&#8221; align=&#8221;center&#8221; _builder_version=&#8221;4.14.0&#8243; _module_preset=&#8221;default&#8221; max_width=&#8221;150px&#8221; height=&#8221;100px&#8221; border_radii=&#8221;on|50%|50%|50%|50%&#8221; global_colors_info=&#8221;{}&#8221;][\/et_pb_image][et_pb_team_member name=&#8221;Anna Maria M\u00fcller&#8221; position=&#8221;Die Lebensfreudige&#8221; _builder_version=&#8221;4.14.0&#8243; _module_preset=&#8221;default&#8221; position_font=&#8221;||||||||&#8221; position_text_color=&#8221;#97B50D&#8221; position_font_size=&#8221;18px&#8221; position_line_height=&#8221;1.8em&#8221; body_link_text_color=&#8221;#444444&#8243; text_orientation=&#8221;center&#8221; custom_padding=&#8221;0px|0px||0px|false|true&#8221; global_colors_info=&#8221;{}&#8221;]E-Mail:\u00a0<a href=\"mailto:annemaria-mueller@t-online.de\" title=\"annemaria-mueller@t-online.de\">annemaria-mueller@t-online.de<\/a><\/p>\n<p>Tel. +49-160-90970644<\/p>\n<p>Ich liebe F\u00fcssen und unterst\u00fctze gerne die F\u00fcssener Betriebe damit F\u00fcssen am Leben bleibt.<\/em>[\/et_pb_team_member][\/et_pb_column][et_pb_column type=&#8221;1_4&#8243; _builder_version=&#8221;3.25&#8243; custom_padding=&#8221;40px|10px|40px|10px|false|true&#8221; border_radii=&#8221;on|8px|8px|8px|8px&#8221; border_width_all=&#8221;1px&#8221; border_color_all=&#8221;#97B50D&#8221; box_shadow_style=&#8221;preset4&#8243; box_shadow_vertical=&#8221;-10px&#8221; box_shadow_color=&#8221;#97B50D&#8221; global_colors_info=&#8221;{}&#8221; custom_padding__hover=&#8221;|||&#8221;][et_pb_image src=&#8221;https:\/\/strange-johnson.185-185-24-24.plesk.page\/wp-content\/uploads\/2021\/11\/gemeinsam-wir-die-werbegemeinschaft-fussen-allgau-3.jpg&#8221; title_text=&#8221;gemeinsam-wir-die-werbegemeinschaft-f\u00fcssen-allg\u00e4u (3)&#8221; align=&#8221;center&#8221; _builder_version=&#8221;4.14.0&#8243; _module_preset=&#8221;default&#8221; max_width=&#8221;150px&#8221; height=&#8221;100px&#8221; border_radii=&#8221;on|50%|50%|50%|50%&#8221; global_colors_info=&#8221;{}&#8221;][\/et_pb_image][et_pb_team_member name=&#8221;Silvana Ziel&#8221; position=&#8221;Die gute Seele&#8221; _builder_version=&#8221;4.14.0&#8243; _module_preset=&#8221;default&#8221; position_font=&#8221;||||||||&#8221; position_text_color=&#8221;#97B50D&#8221; position_font_size=&#8221;18px&#8221; position_line_height=&#8221;1.8em&#8221; body_link_text_color=&#8221;#444444&#8243; text_orientation=&#8221;center&#8221; custom_padding=&#8221;0px|0px||0px|false|true&#8221; global_colors_info=&#8221;{}&#8221;]E-Mail:<span>\u00a0<\/span><a href=\"mailto:PraxisSilvana@gmail.com\" title=\"PraxisSilvana@gmail.com\">PraxisSilvana@gmail.com<\/a><\/p>\n<p>Tel. +49-171-1251845<\/p>\n<p>Sie hat immer ein offenes Ohr f\u00fcr ihre Mitmenschen.<\/em>[\/et_pb_team_member][\/et_pb_column][\/et_pb_row][et_pb_row column_structure=&#8221;1_4,1_4,1_4,1_4&#8243; use_custom_gutter=&#8221;on&#8221; gutter_width=&#8221;2&#8243; make_equal=&#8221;on&#8221; _builder_version=&#8221;4.14.0&#8243; width=&#8221;90%&#8221; width_tablet=&#8221;90%&#8221; width_phone=&#8221;80%&#8221; width_last_edited=&#8221;on|phone&#8221; max_width=&#8221;90%&#8221; max_width_tablet=&#8221;90%&#8221; max_width_phone=&#8221;80%&#8221; max_width_last_edited=&#8221;on|phone&#8221; global_colors_info=&#8221;{}&#8221;][et_pb_column type=&#8221;1_4&#8243; _builder_version=&#8221;3.25&#8243; custom_padding=&#8221;40px|10px|40px|10px|false|true&#8221; border_radii=&#8221;on|8px|8px|8px|8px&#8221; border_width_all=&#8221;1px&#8221; border_color_all=&#8221;#97B50D&#8221; box_shadow_style=&#8221;preset4&#8243; box_shadow_vertical=&#8221;-10px&#8221; box_shadow_color=&#8221;#97B50D&#8221; global_colors_info=&#8221;{}&#8221; custom_padding__hover=&#8221;|||&#8221;][et_pb_image src=&#8221;https:\/\/strange-johnson.185-185-24-24.plesk.page\/wp-content\/uploads\/2021\/11\/gemeinsam-wir-die-werbegemeinschaft-fussen-allgau-4.jpg&#8221; title_text=&#8221;gemeinsam-wir-die-werbegemeinschaft-f\u00fcssen-allg\u00e4u (4)&#8221; align=&#8221;center&#8221; _builder_version=&#8221;4.14.0&#8243; _module_preset=&#8221;default&#8221; max_width=&#8221;150px&#8221; height=&#8221;100px&#8221; border_radii=&#8221;on|50%|50%|50%|50%&#8221; global_colors_info=&#8221;{}&#8221;][\/et_pb_image][et_pb_team_member name=&#8221;Michael Neubert&#8221; position=&#8221;Der Helfer&#8221; _builder_version=&#8221;4.14.0&#8243; _module_preset=&#8221;default&#8221; position_font=&#8221;||||||||&#8221; position_text_color=&#8221;#97B50D&#8221; position_font_size=&#8221;18px&#8221; position_line_height=&#8221;1.8em&#8221; body_link_text_color=&#8221;#444444&#8243; text_orientation=&#8221;center&#8221; custom_padding=&#8221;0px|0px||0px|false|true&#8221; global_colors_info=&#8221;{}&#8221;]E-Mail:<span>\u00a0<\/span><a href=\"mailto:mne@gemeinsam-wir.de\" title=\"mne@gemeinsam-wir.de\">mne@gemeinsam-wir.de<\/a><\/p>\n<p>Tel. +49-171-9958301<br \/>\nHilft gerne bei allem was F\u00fcssen weiterbringt und engagiert sich besonders f\u00fcr Senioren.[\/et_pb_team_member][\/et_pb_column][et_pb_column type=&#8221;1_4&#8243; _builder_version=&#8221;4.14.0&#8243; custom_padding=&#8221;40px|10px|40px|10px|false|true&#8221; border_radii=&#8221;on|8px|8px|8px|8px&#8221; border_width_all=&#8221;1px&#8221; border_color_all=&#8221;#97B50D&#8221; box_shadow_style=&#8221;preset4&#8243; box_shadow_vertical=&#8221;-10px&#8221; box_shadow_color=&#8221;#97B50D&#8221; global_colors_info=&#8221;{}&#8221; custom_padding__hover=&#8221;|||&#8221;][et_pb_image src=&#8221;https:\/\/strange-johnson.185-185-24-24.plesk.page\/wp-content\/uploads\/2021\/11\/gemeinsam-wir-die-werbegemeinschaft-fussen-allgau-5.jpg&#8221; title_text=&#8221;gemeinsam-wir-die-werbegemeinschaft-f\u00fcssen-allg\u00e4u (5)&#8221; align=&#8221;center&#8221; _builder_version=&#8221;4.14.0&#8243; _module_preset=&#8221;default&#8221; max_width=&#8221;150px&#8221; height=&#8221;100px&#8221; border_radii=&#8221;on|50%|50%|50%|50%&#8221; global_colors_info=&#8221;{}&#8221;][\/et_pb_image][et_pb_team_member name=&#8221;Monika Menzel&#8221; position=&#8221;Die Kreative&#8221; _builder_version=&#8221;4.14.0&#8243; _module_preset=&#8221;default&#8221; position_font=&#8221;||||||||&#8221; position_text_color=&#8221;#97B50D&#8221; position_font_size=&#8221;18px&#8221; position_line_height=&#8221;1.8em&#8221; body_link_text_color=&#8221;#444444&#8243; text_orientation=&#8221;center&#8221; custom_padding=&#8221;0px|0px||0px|false|true&#8221; global_colors_info=&#8221;{}&#8221;]E-Mail:<span>\u00a0<\/span><a href=\"mailto:mme@gemeinsam-wir.de\" title=\"mme@gemeinsam-wir.de\">mme@gemeinsam-wir.de<\/a><\/p>\n<p>Tel. +49-8362-9899745<\/p>\n<p>Hilft wo sie kann tr\u00e4gt mit Ihren kreativen Ideen zu den Projekterfolgen bei.[\/et_pb_team_member][\/et_pb_column][et_pb_column type=&#8221;1_4&#8243; _builder_version=&#8221;4.14.0&#8243; custom_padding=&#8221;40px|10px|40px|10px|false|true&#8221; border_radii=&#8221;on|8px|8px|8px|8px&#8221; border_color_all=&#8221;#97B50D&#8221; global_colors_info=&#8221;{}&#8221; custom_padding__hover=&#8221;|||&#8221;][\/et_pb_column][et_pb_column type=&#8221;1_4&#8243; _builder_version=&#8221;4.14.0&#8243; custom_padding=&#8221;40px|10px|40px|10px|false|true&#8221; border_radii=&#8221;on|8px|8px|8px|8px&#8221; border_color_all=&#8221;#97B50D&#8221; global_colors_info=&#8221;{}&#8221; custom_padding__hover=&#8221;|||&#8221;][\/et_pb_column][\/et_pb_row][\/et_pb_section][et_pb_section fb_built=&#8221;1&#8243; custom_padding_last_edited=&#8221;on|phone&#8221; admin_label=&#8221;Footer&#8221; _builder_version=&#8221;4.14.0&#8243; background_color=&#8221;#97B50D&#8221; background_color_gradient_start=&#8221;rgba(151,181,13,0.81)&#8221; background_color_gradient_end=&#8221;rgba(151,181,13,0.8)&#8221; background_color_gradient_direction=&#8221;140deg&#8221; background_enable_image=&#8221;off&#8221; width=&#8221;80%&#8221; module_alignment=&#8221;center&#8221; custom_margin=&#8221;|||&#8221; custom_padding=&#8221;120px|0px|120px|0px|true|false&#8221; custom_padding_tablet=&#8221;10vw||10vw||true&#8221; custom_padding_phone=&#8221;5vw||5vw||true&#8221; saved_tabs=&#8221;all&#8221; locked=&#8221;off&#8221; global_colors_info=&#8221;{}&#8221;][et_pb_row column_structure=&#8221;2_3,1_3&#8243; use_custom_gutter=&#8221;on&#8221; _builder_version=&#8221;3.25&#8243; custom_padding=&#8221;|||&#8221; use_custom_width=&#8221;on&#8221; global_colors_info=&#8221;{}&#8221;][et_pb_column type=&#8221;2_3&#8243; _builder_version=&#8221;3.25&#8243; custom_padding=&#8221;|||&#8221; global_colors_info=&#8221;{}&#8221; custom_padding__hover=&#8221;|||&#8221;][et_pb_contact_form captcha=&#8221;off&#8221; email=&#8221;info@gemeinsam-wir.de&#8221; title=&#8221; Wir sind hier um zu helfen!&#8221; submit_button_text=&#8221;Absenden&#8221; module_id=&#8221;et_pb_contact_form_0&#8243; _builder_version=&#8221;4.13.1&#8243; _unique_id=&#8221;e351747f-e04e-46ae-860b-dc93406f7b06&#8243; form_field_background_color=&#8221;rgba(0,0,0,0)&#8221; form_field_text_color=&#8221;#ffffff&#8221; title_level=&#8221;h2&#8243; title_text_color=&#8221;#ffffff&#8221; title_font_size=&#8221;50px&#8221; title_line_height=&#8221;1.2em&#8221; form_field_font=&#8221;Open Sans|700|||||||&#8221; form_field_letter_spacing=&#8221;2px&#8221; form_field_line_height=&#8221;1.8em&#8221; custom_button=&#8221;on&#8221; button_text_size=&#8221;15px&#8221; button_text_color=&#8221;#FFFFFF&#8221; button_bg_color=&#8221;RGBA(0,0,0,0)&#8221; button_border_color=&#8221;#FFFFFF&#8221; button_custom_padding=&#8221;15px|32px|15px|32px|true|true&#8221; title_text_align_tablet=&#8221;&#8221; title_text_align_phone=&#8221;center&#8221; title_text_align_last_edited=&#8221;on|phone&#8221; title_font_size_tablet=&#8221;50px&#8221; title_font_size_phone=&#8221;35px&#8221; title_font_size_last_edited=&#8221;on|phone&#8221; button_text_size_last_edited=&#8221;off|desktop&#8221; border_width_bottom=&#8221;2px&#8221; border_color_bottom=&#8221;#ffffff&#8221; form_background_color=&#8221;rgba(0,0,0,0)&#8221; global_colors_info=&#8221;{}&#8221; button_text_color__hover_enabled=&#8221;on|hover&#8221; button_text_color__hover=&#8221;#97B50D&#8221; button_bg_color__hover_enabled=&#8221;on|hover&#8221; button_bg_color__hover=&#8221;#FFFFFF&#8221; button_bg_enable_color__hover=&#8221;on&#8221; button_bg_color_hover=&#8221;#ff8a3d&#8221; button_border_color_hover=&#8221;#ff8a3d&#8221; button_border_radius_hover=&#8221;100px&#8221; button_letter_spacing_hover=&#8221;5px&#8221;][et_pb_contact_field field_id=&#8221;Name&#8221; field_title=&#8221;Vor-\/Nachname&#8221; _builder_version=&#8221;4.13.1&#8243; global_colors_info=&#8221;{}&#8221; button_text_size__hover_enabled=&#8221;off&#8221; button_one_text_size__hover_enabled=&#8221;off&#8221; button_two_text_size__hover_enabled=&#8221;off&#8221; button_text_color__hover_enabled=&#8221;off&#8221; button_one_text_color__hover_enabled=&#8221;off&#8221; button_two_text_color__hover_enabled=&#8221;off&#8221; button_border_width__hover_enabled=&#8221;off&#8221; button_one_border_width__hover_enabled=&#8221;off&#8221; button_two_border_width__hover_enabled=&#8221;off&#8221; button_border_color__hover_enabled=&#8221;off&#8221; button_one_border_color__hover_enabled=&#8221;off&#8221; button_two_border_color__hover_enabled=&#8221;off&#8221; button_border_radius__hover_enabled=&#8221;off&#8221; button_one_border_radius__hover_enabled=&#8221;off&#8221; button_two_border_radius__hover_enabled=&#8221;off&#8221; button_letter_spacing__hover_enabled=&#8221;off&#8221; button_one_letter_spacing__hover_enabled=&#8221;off&#8221; button_two_letter_spacing__hover_enabled=&#8221;off&#8221; button_bg_color__hover_enabled=&#8221;off&#8221; button_one_bg_color__hover_enabled=&#8221;off&#8221; button_two_bg_color__hover_enabled=&#8221;off&#8221;][\/et_pb_contact_field][et_pb_contact_field field_id=&#8221;Email&#8221; field_title=&#8221;Email Address&#8221; field_type=&#8221;email&#8221; _builder_version=&#8221;4.13.1&#8243; global_colors_info=&#8221;{}&#8221; button_text_size__hover_enabled=&#8221;off&#8221; button_one_text_size__hover_enabled=&#8221;off&#8221; button_two_text_size__hover_enabled=&#8221;off&#8221; button_text_color__hover_enabled=&#8221;off&#8221; button_one_text_color__hover_enabled=&#8221;off&#8221; button_two_text_color__hover_enabled=&#8221;off&#8221; button_border_width__hover_enabled=&#8221;off&#8221; button_one_border_width__hover_enabled=&#8221;off&#8221; button_two_border_width__hover_enabled=&#8221;off&#8221; button_border_color__hover_enabled=&#8221;off&#8221; button_one_border_color__hover_enabled=&#8221;off&#8221; button_two_border_color__hover_enabled=&#8221;off&#8221; button_border_radius__hover_enabled=&#8221;off&#8221; button_one_border_radius__hover_enabled=&#8221;off&#8221; button_two_border_radius__hover_enabled=&#8221;off&#8221; button_letter_spacing__hover_enabled=&#8221;off&#8221; button_one_letter_spacing__hover_enabled=&#8221;off&#8221; button_two_letter_spacing__hover_enabled=&#8221;off&#8221; button_bg_color__hover_enabled=&#8221;off&#8221; button_one_bg_color__hover_enabled=&#8221;off&#8221; button_two_bg_color__hover_enabled=&#8221;off&#8221;][\/et_pb_contact_field][et_pb_contact_field field_id=&#8221;Address&#8221; field_title=&#8221;Firma&#8221; required_mark=&#8221;off&#8221; fullwidth_field=&#8221;on&#8221; _builder_version=&#8221;4.13.1&#8243; global_colors_info=&#8221;{}&#8221; button_text_size__hover_enabled=&#8221;off&#8221; button_one_text_size__hover_enabled=&#8221;off&#8221; button_two_text_size__hover_enabled=&#8221;off&#8221; button_text_color__hover_enabled=&#8221;off&#8221; button_one_text_color__hover_enabled=&#8221;off&#8221; button_two_text_color__hover_enabled=&#8221;off&#8221; button_border_width__hover_enabled=&#8221;off&#8221; button_one_border_width__hover_enabled=&#8221;off&#8221; button_two_border_width__hover_enabled=&#8221;off&#8221; button_border_color__hover_enabled=&#8221;off&#8221; button_one_border_color__hover_enabled=&#8221;off&#8221; button_two_border_color__hover_enabled=&#8221;off&#8221; button_border_radius__hover_enabled=&#8221;off&#8221; button_one_border_radius__hover_enabled=&#8221;off&#8221; button_two_border_radius__hover_enabled=&#8221;off&#8221; button_letter_spacing__hover_enabled=&#8221;off&#8221; button_one_letter_spacing__hover_enabled=&#8221;off&#8221; button_two_letter_spacing__hover_enabled=&#8221;off&#8221; button_bg_color__hover_enabled=&#8221;off&#8221; button_one_bg_color__hover_enabled=&#8221;off&#8221; button_two_bg_color__hover_enabled=&#8221;off&#8221;][\/et_pb_contact_field][et_pb_contact_field field_id=&#8221;Message&#8221; field_title=&#8221;Nachricht&#8221; field_type=&#8221;text&#8221; fullwidth_field=&#8221;on&#8221; _builder_version=&#8221;4.13.1&#8243; global_colors_info=&#8221;{}&#8221; button_text_size__hover_enabled=&#8221;off&#8221; button_one_text_size__hover_enabled=&#8221;off&#8221; button_two_text_size__hover_enabled=&#8221;off&#8221; button_text_color__hover_enabled=&#8221;off&#8221; button_one_text_color__hover_enabled=&#8221;off&#8221; button_two_text_color__hover_enabled=&#8221;off&#8221; button_border_width__hover_enabled=&#8221;off&#8221; button_one_border_width__hover_enabled=&#8221;off&#8221; button_two_border_width__hover_enabled=&#8221;off&#8221; button_border_color__hover_enabled=&#8221;off&#8221; button_one_border_color__hover_enabled=&#8221;off&#8221; button_two_border_color__hover_enabled=&#8221;off&#8221; button_border_radius__hover_enabled=&#8221;off&#8221; button_one_border_radius__hover_enabled=&#8221;off&#8221; button_two_border_radius__hover_enabled=&#8221;off&#8221; button_letter_spacing__hover_enabled=&#8221;off&#8221; button_one_letter_spacing__hover_enabled=&#8221;off&#8221; button_two_letter_spacing__hover_enabled=&#8221;off&#8221; button_bg_color__hover_enabled=&#8221;off&#8221; button_one_bg_color__hover_enabled=&#8221;off&#8221; button_two_bg_color__hover_enabled=&#8221;off&#8221;][\/et_pb_contact_field][\/et_pb_contact_form][\/et_pb_column][et_pb_column type=&#8221;1_3&#8243; _builder_version=&#8221;3.25&#8243; custom_padding=&#8221;120px|||&#8221; custom_padding_tablet=&#8221;0px|||&#8221; custom_padding_phone=&#8221;0px|||&#8221; custom_padding_last_edited=&#8221;on|tablet&#8221; global_colors_info=&#8221;{}&#8221; padding_tablet=&#8221;0px|||&#8221; padding_last_edited=&#8221;on|tablet&#8221; custom_padding__hover=&#8221;|||&#8221; padding_phone=&#8221;0px|||&#8221;][et_pb_blurb title=&#8221;Office&#8221; use_icon=&#8221;on&#8221; font_icon=&#8221;&#xe081;||divi||400&#8243; icon_color=&#8221;#FFFFFF&#8221; icon_placement=&#8221;left&#8221; image_icon_width=&#8221;28px&#8221; content_max_width=&#8221;1100px&#8221; _builder_version=&#8221;4.13.1&#8243; header_font_size=&#8221;24px&#8221; header_line_height=&#8221;1.2em&#8221; body_font=&#8221;Open Sans||||||||&#8221; body_font_size=&#8221;16px&#8221; body_line_height=&#8221;1.8em&#8221; background_layout=&#8221;dark&#8221; custom_padding=&#8221;|||&#8221; animation_style=&#8221;fold&#8221; animation_delay=&#8221;150ms&#8221; animation=&#8221;off&#8221; icon_font_size=&#8221;28px&#8221; locked=&#8221;off&#8221; global_colors_info=&#8221;{}&#8221;]<\/p>\n<p>Werbegemeinschaft F\u00fcssen e.V.<br \/>Alexander Mayerhofer<br \/>M\u00fchlbachgasse 11<br \/>D-87629 F\u00fcssen<\/p>\n<p>[\/et_pb_blurb][et_pb_blurb title=&#8221;Email&#8221; use_icon=&#8221;on&#8221; font_icon=&#8221;&#xe010;||divi||400&#8243; icon_color=&#8221;#FFFFFF&#8221; icon_placement=&#8221;left&#8221; image_icon_width=&#8221;28px&#8221; content_max_width=&#8221;1100px&#8221; _builder_version=&#8221;4.13.1&#8243; header_font_size=&#8221;24px&#8221; header_line_height=&#8221;1.2em&#8221; body_font=&#8221;Open Sans||||||||&#8221; body_font_size=&#8221;16px&#8221; body_line_height=&#8221;1.8em&#8221; background_layout=&#8221;dark&#8221; custom_padding=&#8221;|||&#8221; animation_style=&#8221;fold&#8221; animation_delay=&#8221;150ms&#8221; animation=&#8221;off&#8221; icon_font_size=&#8221;28px&#8221; locked=&#8221;off&#8221; global_colors_info=&#8221;{}&#8221;]<\/p>\n<p>info@gemeinsam-wir.de<\/p>\n<p>[\/et_pb_blurb][et_pb_blurb title=&#8221;Lets Conntect&#8221; use_icon=&#8221;on&#8221; font_icon=&#8221;&#xf086;||fa||400&#8243; icon_color=&#8221;#FFFFFF&#8221; icon_placement=&#8221;left&#8221; image_icon_width=&#8221;28px&#8221; content_max_width=&#8221;1100px&#8221; _builder_version=&#8221;4.13.1&#8243; header_font_size=&#8221;24px&#8221; header_line_height=&#8221;1.2em&#8221; body_font=&#8221;Open Sans||||||||&#8221; body_font_size=&#8221;16px&#8221; body_line_height=&#8221;1.8em&#8221; background_layout=&#8221;dark&#8221; custom_padding=&#8221;|||&#8221; animation_style=&#8221;fold&#8221; animation_delay=&#8221;150ms&#8221; animation=&#8221;off&#8221; icon_font_size=&#8221;28px&#8221; locked=&#8221;off&#8221; global_colors_info=&#8221;{}&#8221;]<\/p>\n<p>Tel. +49-8362-9899745<br \/>Fax +49-8362-9844982<\/p>\n<p>[\/et_pb_blurb][\/et_pb_column][\/et_pb_row][\/et_pb_section]<\/p>\n","protected":false},"excerpt":{"rendered":"<p>Die Orga Das Event &amp; Action TeamWir sind die Coole Truppe der Werbegemeinschaft und wir organisieren die Veranstaltungen und Aktionen, sind also die Jungs und M\u00e4dels hinter den Kulissen (in jeder Altersgruppe :-D) und haben auch ansonsten jede Menge Spa\u00df miteinander.E-Mail:\u00a0info@gemeinsam-wir.de Tel. +49-8362-9899745 Versucht, den \u00dcberblick zu behalten und den wilden Haufen zu b\u00e4ndigen. Gelingt [&hellip;]<\/p>\n","protected":false},"author":1,"featured_media":0,"parent":0,"menu_order":0,"comment_status":"closed","ping_status":"closed","template":"","meta":{"_et_pb_use_builder":"on","_et_pb_old_content":"<!-- wp:divi\/placeholder \/-->","_et_gb_content_width":"","footnotes":""},"class_list":["post-875","page","type-page","status-publish","hentry"],"_links":{"self":[{"href":"https:\/\/strange-johnson.185-185-24-24.plesk.page\/index.php\/wp-json\/wp\/v2\/pages\/875","targetHints":{"allow":["GET"]}}],"collection":[{"href":"https:\/\/strange-johnson.185-185-24-24.plesk.page\/index.php\/wp-json\/wp\/v2\/pages"}],"about":[{"href":"https:\/\/strange-johnson.185-185-24-24.plesk.page\/index.php\/wp-json\/wp\/v2\/types\/page"}],"author":[{"embeddable":true,"href":"https:\/\/strange-johnson.185-185-24-24.plesk.page\/index.php\/wp-json\/wp\/v2\/users\/1"}],"replies":[{"embeddable":true,"href":"https:\/\/strange-johnson.185-185-24-24.plesk.page\/index.php\/wp-json\/wp\/v2\/comments?post=875"}],"version-history":[{"count":19,"href":"https:\/\/strange-johnson.185-185-24-24.plesk.page\/index.php\/wp-json\/wp\/v2\/pages\/875\/revisions"}],"predecessor-version":[{"id":1153,"href":"https:\/\/strange-johnson.185-185-24-24.plesk.page\/index.php\/wp-json\/wp\/v2\/pages\/875\/revisions\/1153"}],"wp:attachment":[{"href":"https:\/\/strange-johnson.185-185-24-24.plesk.page\/index.php\/wp-json\/wp\/v2\/media?parent=875"}],"curies":[{"name":"wp","href":"https:\/\/api.w.org\/{rel}","templated":true}]}}